{"id":60027,"date":"2017-09-21T10:46:13","date_gmt":"2017-09-21T09:46:13","guid":{"rendered":"http:\/\/www.airun.cat\/projecte\/fira-de-primavera\/"},"modified":"2017-11-20T09:48:52","modified_gmt":"2017-11-20T08:48:52","slug":"fira-de-primavera","status":"publish","type":"portfolio","link":"https:\/\/www.airun.cat\/es\/proyecto\/fira-de-primavera\/","title":{"rendered":"Fira de Primavera"},"content":{"rendered":"<section class=\"wpb-content-wrapper\"><p>[vc_row][vc_column width=\u00bb2\/3&#8243;][vc_gallery el_id=\u00bbgallery-501559&#8243; medias=\u00bb57666,57667,57668,57669,57670&#8243; gutter_size=\u00bb3&#8243; screen_lg=\u00bb1000&#8243; screen_md=\u00bb600&#8243; screen_sm=\u00bb480&#8243; single_overlay_opacity=\u00bb50&#8243; single_padding=\u00bb2&#8243;][\/vc_column][vc_column width=\u00bb1\/3&#8243;][vc_column_text el_class=\u00bbprojectes-p\u00bb]<strong>Nombre acto<br \/>\n<\/strong>Fira de Primavera<strong><br \/>\n<\/strong><\/p>\n<p><strong>Fecha realizaci\u00f3n<br \/>\n<\/strong>29 y 30 de abril del 2017<strong><br \/>\n<\/strong><\/p>\n<p><strong>Nombre Cliente<br \/>\n<\/strong>Ajuntament de Martorell<strong><br \/>\n<\/strong><\/p>\n<p><strong>Ubicaci\u00f3n del acto<br \/>\n<\/strong>Pabell\u00f3n Ca n\u2019Oliveras, Centre la Vila i P\u00e0rquing el Vapor de Martorell<strong><br \/>\n<\/strong><\/p>\n<p style=\"text-align: justify;\"><strong>Descripci\u00f3n<br \/>\n<\/strong>Dise\u00f1o y nueva implementaci\u00f3n del triple evento: feria de automoci\u00f3n, feria infantil y feria de artesanos, incluyendo la secretaria t\u00e9cnica, la dinamizaci\u00f3n y la regidor\u00eda; propuesta de actividades y programaci\u00f3n art\u00edstica, organizaci\u00f3n integral de los actos, producci\u00f3n t\u00e9cnica y log\u00edstica.<\/p>\n<p style=\"text-align: justify;\"><strong>Url&#8217;s<br \/>\n<\/strong><a href=\"https:\/\/noticies.martorell.cat\/fira-de-primavera-2017\/\" target=\"_blank\" rel=\"noopener\">Fira de primavera 2017<\/a><strong><br \/>\n<\/strong><\/p>\n<p><strong>Categor\u00edas<\/strong><br \/>\n<ul class=\"subcat\"><li><a href=\"https:\/\/www.airun.cat\/es\/subcategoria-projecte\/actos-de-participacion\/\" rel=\"tag\">Actos de participaci\u00f3n<\/a><\/li><li><a href=\"https:\/\/www.airun.cat\/es\/subcategoria-projecte\/programacion-cultural-espectaculos-y-actividades\/\" rel=\"tag\">Programaci\u00f3n cultural espect\u00e1culos y actividades<\/a><\/li><li><a href=\"https:\/\/www.airun.cat\/es\/subcategoria-projecte\/ferias-exposiciones-y-estands\/\" rel=\"tag\">Ferias \/ Exposiciones \/ Estands<\/a><\/li><li><a href=\"https:\/\/www.airun.cat\/es\/subcategoria-projecte\/secretaria-y-oficina-tecnica\/\" rel=\"tag\">Secretaria y oficina t\u00e9cnica<\/a><\/li><li><a href=\"https:\/\/www.airun.cat\/es\/subcategoria-projecte\/regidorias-y-coordinaciones-tecnicas\/\" rel=\"tag\">Regidor\u00edas y coordinaciones t\u00e9cnicas<\/a><\/li><li><a href=\"https:\/\/www.airun.cat\/es\/subcategoria-projecte\/dinamizacion-y-monitores\/\" rel=\"tag\">Dinamizaci\u00f3n y monitores<\/a><\/li><li><a href=\"https:\/\/www.airun.cat\/es\/subcategoria-projecte\/soporte-tecnico-actos\/\" rel=\"tag\">Soporte t\u00e9cnico actos<\/a><\/li><\/ul>[\/vc_column_text][vc_raw_html]JTNDYnV0dG9uJTIwY2xhc3MlM0QlMjJ0b3JuYXItYnRuJTIyJTIwb25jbGljayUzRCUyMmdvQmFjayUyOCUyOSUyMiUzRSUzQyUyMFZvbHZlciUyMGElMjBQcm95ZWN0b3MlM0MlMkZidXR0b24lM0U=[\/vc_raw_html][\/vc_column][\/vc_row]<\/p>\n<\/section>","protected":false},"excerpt":{"rendered":"<p>[vc_row][vc_column width=\u00bb2\/3&#8243;][vc_gallery el_id=\u00bbgallery-501559&#8243; medias=\u00bb57666,57667,57668,57669,57670&#8243; gutter_size=\u00bb3&#8243; screen_lg=\u00bb1000&#8243; screen_md=\u00bb600&#8243; screen_sm=\u00bb480&#8243; single_overlay_opacity=\u00bb50&#8243; single_padding=\u00bb2&#8243;][\/vc_column][vc_column width=\u00bb1\/3&#8243;][vc_column_text el_class=\u00bbprojectes-p\u00bb]Nombre acto Fira de Primavera Fecha realizaci\u00f3n 29 y [&hellip;]<\/p>\n","protected":false},"author":1,"featured_media":59768,"parent":0,"menu_order":48,"comment_status":"open","ping_status":"open","template":"","meta":[],"portfolio_category":[106,110],"_links":{"self":[{"href":"https:\/\/www.airun.cat\/es\/wp-json\/wp\/v2\/portfolio\/60027"}],"collection":[{"href":"https:\/\/www.airun.cat\/es\/wp-json\/wp\/v2\/portfolio"}],"about":[{"href":"https:\/\/www.airun.cat\/es\/wp-json\/wp\/v2\/types\/portfolio"}],"author":[{"embeddable":true,"href":"https:\/\/www.airun.cat\/es\/wp-json\/wp\/v2\/users\/1"}],"replies":[{"embeddable":true,"href":"https:\/\/www.airun.cat\/es\/wp-json\/wp\/v2\/comments?post=60027"}],"version-history":[{"count":2,"href":"https:\/\/www.airun.cat\/es\/wp-json\/wp\/v2\/portfolio\/60027\/revisions"}],"predecessor-version":[{"id":60093,"href":"https:\/\/www.airun.cat\/es\/wp-json\/wp\/v2\/portfolio\/60027\/revisions\/60093"}],"wp:featuredmedia":[{"embeddable":true,"href":"https:\/\/www.airun.cat\/es\/wp-json\/wp\/v2\/media\/59768"}],"wp:attachment":[{"href":"https:\/\/www.airun.cat\/es\/wp-json\/wp\/v2\/media?parent=60027"}],"wp:term":[{"taxonomy":"portfolio_category","embeddable":true,"href":"https:\/\/www.airun.cat\/es\/wp-json\/wp\/v2\/portfolio_category?post=60027"}],"curies":[{"name":"wp","href":"https:\/\/api.w.org\/{rel}","templated":true}]}}