{"id":60015,"date":"2017-09-21T09:42:49","date_gmt":"2017-09-21T08:42:49","guid":{"rendered":"http:\/\/www.airun.cat\/projecte\/canta-gran-lauditori-de-barcelona\/"},"modified":"2017-11-20T10:39:20","modified_gmt":"2017-11-20T09:39:20","slug":"canta-gran-lauditori-de-barcelona","status":"publish","type":"portfolio","link":"https:\/\/www.airun.cat\/es\/proyecto\/canta-gran-lauditori-de-barcelona\/","title":{"rendered":"Canta Gran! L\u2019Auditori de Barcelona"},"content":{"rendered":"<section class=\"wpb-content-wrapper\"><p>[vc_row][vc_column width=\u00bb2\/3&#8243;][vc_gallery el_id=\u00bbgallery-501559&#8243; medias=\u00bb57614,57615,57616,57617,57618&#8243; gutter_size=\u00bb3&#8243; screen_lg=\u00bb1000&#8243; screen_md=\u00bb600&#8243; screen_sm=\u00bb480&#8243; single_overlay_opacity=\u00bb50&#8243; single_padding=\u00bb2&#8243;][\/vc_column][vc_column width=\u00bb1\/3&#8243;][vc_column_text el_class=\u00bbprojectes-p\u00bb]<strong>Nombre acto<br \/>\n<\/strong>Canta Gran! L\u2019Auditori de Barcelona<strong><br \/>\n<\/strong><\/p>\n<p><strong>Fecha realizaci\u00f3n<br \/>\n<\/strong>De diciembre de 2016 a marzo de 2017<strong><br \/>\n<\/strong><\/p>\n<p><strong>Nombre Cliente<br \/>\n<\/strong>L&#8217;Auditori<strong><br \/>\n<\/strong><\/p>\n<p><strong>Ubicaci\u00f3n del acto<br \/>\n<\/strong>Gira arreu Catalunya<strong><br \/>\n<\/strong><\/p>\n<p style=\"text-align: justify;\"><strong>Descripci\u00f3n<br \/>\n<\/strong>Regidor\u00eda art\u00edstica y coordinaci\u00f3n t\u00e9cnica del proyecto musical y social Canta Gran! Concierto de canto de coral de las personas mayores de Catalunya.<strong><br \/>\n<\/strong><\/p>\n<p><strong>Url&#8217;s<br \/>\n<\/strong><a href=\"https:\/\/www.auditori.cat\/es\/canta-gran-totems\" target=\"_blank\" rel=\"noopener\">Canta Gran! T\u00f2tems<\/a><strong><br \/>\n<\/strong><\/p>\n<p><strong>Categor\u00edas<\/strong><br \/>\n<ul class=\"subcat\"><li><a href=\"https:\/\/www.airun.cat\/es\/subcategoria-projecte\/regidorias-y-coordinaciones-tecnicas\/\" rel=\"tag\">Regidor\u00edas y coordinaciones t\u00e9cnicas<\/a><\/li><\/ul>[\/vc_column_text][vc_raw_html]JTNDYnV0dG9uJTIwY2xhc3MlM0QlMjJ0b3JuYXItYnRuJTIyJTIwb25jbGljayUzRCUyMmdvQmFjayUyOCUyOSUyMiUzRSUzQyUyMFZvbHZlciUyMGElMjBQcm95ZWN0b3MlM0MlMkZidXR0b24lM0U=[\/vc_raw_html][\/vc_column][\/vc_row]<\/p>\n<\/section>","protected":false},"excerpt":{"rendered":"<p>[vc_row][vc_column width=\u00bb2\/3&#8243;][vc_gallery el_id=\u00bbgallery-501559&#8243; medias=\u00bb57614,57615,57616,57617,57618&#8243; gutter_size=\u00bb3&#8243; screen_lg=\u00bb1000&#8243; screen_md=\u00bb600&#8243; screen_sm=\u00bb480&#8243; single_overlay_opacity=\u00bb50&#8243; single_padding=\u00bb2&#8243;][\/vc_column][vc_column width=\u00bb1\/3&#8243;][vc_column_text el_class=\u00bbprojectes-p\u00bb]Nombre acto Canta Gran! L\u2019Auditori de Barcelona Fecha realizaci\u00f3n [&hellip;]<\/p>\n","protected":false},"author":1,"featured_media":59704,"parent":0,"menu_order":70,"comment_status":"open","ping_status":"open","template":"","meta":[],"portfolio_category":[106,110],"_links":{"self":[{"href":"https:\/\/www.airun.cat\/es\/wp-json\/wp\/v2\/portfolio\/60015"}],"collection":[{"href":"https:\/\/www.airun.cat\/es\/wp-json\/wp\/v2\/portfolio"}],"about":[{"href":"https:\/\/www.airun.cat\/es\/wp-json\/wp\/v2\/types\/portfolio"}],"author":[{"embeddable":true,"href":"https:\/\/www.airun.cat\/es\/wp-json\/wp\/v2\/users\/1"}],"replies":[{"embeddable":true,"href":"https:\/\/www.airun.cat\/es\/wp-json\/wp\/v2\/comments?post=60015"}],"version-history":[{"count":2,"href":"https:\/\/www.airun.cat\/es\/wp-json\/wp\/v2\/portfolio\/60015\/revisions"}],"predecessor-version":[{"id":60120,"href":"https:\/\/www.airun.cat\/es\/wp-json\/wp\/v2\/portfolio\/60015\/revisions\/60120"}],"wp:featuredmedia":[{"embeddable":true,"href":"https:\/\/www.airun.cat\/es\/wp-json\/wp\/v2\/media\/59704"}],"wp:attachment":[{"href":"https:\/\/www.airun.cat\/es\/wp-json\/wp\/v2\/media?parent=60015"}],"wp:term":[{"taxonomy":"portfolio_category","embeddable":true,"href":"https:\/\/www.airun.cat\/es\/wp-json\/wp\/v2\/portfolio_category?post=60015"}],"curies":[{"name":"wp","href":"https:\/\/api.w.org\/{rel}","templated":true}]}}