{"id":60011,"date":"2017-09-21T08:46:29","date_gmt":"2017-09-21T07:46:29","guid":{"rendered":"http:\/\/www.airun.cat\/projecte\/fira-del-consum-responsable-deconomia-social\/"},"modified":"2017-11-20T10:47:22","modified_gmt":"2017-11-20T09:47:22","slug":"fira-del-consum-responsable-deconomia-social","status":"publish","type":"portfolio","link":"https:\/\/www.airun.cat\/es\/proyecto\/fira-del-consum-responsable-deconomia-social\/","title":{"rendered":"Fira del Consum Responsable d\u2019Economia Social"},"content":{"rendered":"<section class=\"wpb-content-wrapper\"><p>[vc_row][vc_column width=\u00bb2\/3&#8243;][vc_gallery el_id=\u00bbgallery-501559&#8243; medias=\u00bb57582,57583,57584,57585,57586&#8243; gutter_size=\u00bb3&#8243; screen_lg=\u00bb1000&#8243; screen_md=\u00bb600&#8243; screen_sm=\u00bb480&#8243; single_overlay_opacity=\u00bb50&#8243; single_padding=\u00bb2&#8243;][\/vc_column][vc_column width=\u00bb1\/3&#8243;][vc_column_text el_class=\u00bbprojectes-p\u00bb]<strong>Nombre acto<\/strong><br \/>\nFira del Consum Responsable d\u2019Economia Social<\/p>\n<p><strong>Fecha realizaci\u00f3n<br \/>\n<\/strong>Navidad, del 2013 al 2017<\/p>\n<p><strong>Nombre Cliente<br \/>\n<\/strong>Dpt Comunicaci\u00f3, dpt. Cooperaci\u00f3, Institut Barcelona Esports. Ajuntament de Barcelona<\/p>\n<p><strong>Ubicaci\u00f3n del acto<br \/>\n<\/strong>Jardinets de Gr\u00e0cia i pla\u00e7a de Catalunya de Barcelona<\/p>\n<p style=\"text-align: justify;\"><strong>Descripci\u00f3n<\/strong><br \/>\nDurante 5 ediciones Airun ha visto crecer esta feria realizando la producci\u00f3n t\u00e9cnica, programaci\u00f3n art\u00edstica, dinamizaci\u00f3n e informaci\u00f3n; y dando soporte a actividades espec\u00edficas com fueron la producci\u00f3n de un estand de dise\u00f1o para Medi Ambient en la Navidad 2015\/16 y un circuito de actividades de calle para el Institut Barcelona Esports en la Navidad 2016\/17.<\/p>\n<p><strong>Url\u2019s<\/strong><br \/>\n<a href=\"http:\/\/w42.bcn.cat\/web\/cat\/noticies-i-premsa\/noticies\/actives\/barcelona_acull_primera_fira_nadalenca_consum_responsable.jsp\" target=\"_blank\" rel=\"noopener\">Fira del Consum Responsable<\/a><\/p>\n<p><strong>Categor\u00edas<\/strong><br \/>\n<ul class=\"subcat\"><li><a href=\"https:\/\/www.airun.cat\/es\/subcategoria-projecte\/actos-de-participacion\/\" rel=\"tag\">Actos de participaci\u00f3n<\/a><\/li><li><a href=\"https:\/\/www.airun.cat\/es\/subcategoria-projecte\/programacion-cultural-espectaculos-y-actividades\/\" rel=\"tag\">Programaci\u00f3n cultural espect\u00e1culos y actividades<\/a><\/li><li><a href=\"https:\/\/www.airun.cat\/es\/subcategoria-projecte\/ferias-exposiciones-y-estands\/\" rel=\"tag\">Ferias \/ Exposiciones \/ Estands<\/a><\/li><li><a href=\"https:\/\/www.airun.cat\/es\/subcategoria-projecte\/regidorias-y-coordinaciones-tecnicas\/\" rel=\"tag\">Regidor\u00edas y coordinaciones t\u00e9cnicas<\/a><\/li><li><a href=\"https:\/\/www.airun.cat\/es\/subcategoria-projecte\/dinamizacion-y-monitores\/\" rel=\"tag\">Dinamizaci\u00f3n y monitores<\/a><\/li><li><a href=\"https:\/\/www.airun.cat\/es\/subcategoria-projecte\/soporte-tecnico-actos\/\" rel=\"tag\">Soporte t\u00e9cnico actos<\/a><\/li><\/ul>[\/vc_column_text][vc_raw_html]JTNDYnV0dG9uJTIwY2xhc3MlM0QlMjJ0b3JuYXItYnRuJTIyJTIwb25jbGljayUzRCUyMmdvQmFjayUyOCUyOSUyMiUzRSUzQyUyMFZvbHZlciUyMGElMjBQcm95ZWN0b3MlM0MlMkZidXR0b24lM0U=[\/vc_raw_html][\/vc_column][\/vc_row]<\/p>\n<\/section>","protected":false},"excerpt":{"rendered":"<p>[vc_row][vc_column width=\u00bb2\/3&#8243;][vc_gallery el_id=\u00bbgallery-501559&#8243; medias=\u00bb57582,57583,57584,57585,57586&#8243; gutter_size=\u00bb3&#8243; screen_lg=\u00bb1000&#8243; screen_md=\u00bb600&#8243; screen_sm=\u00bb480&#8243; single_overlay_opacity=\u00bb50&#8243; single_padding=\u00bb2&#8243;][\/vc_column][vc_column width=\u00bb1\/3&#8243;][vc_column_text el_class=\u00bbprojectes-p\u00bb]Nombre acto Fira del Consum Responsable d\u2019Economia Social Fecha [&hellip;]<\/p>\n","protected":false},"author":1,"featured_media":59686,"parent":0,"menu_order":78,"comment_status":"open","ping_status":"open","template":"","meta":[],"portfolio_category":[106,110],"_links":{"self":[{"href":"https:\/\/www.airun.cat\/es\/wp-json\/wp\/v2\/portfolio\/60011"}],"collection":[{"href":"https:\/\/www.airun.cat\/es\/wp-json\/wp\/v2\/portfolio"}],"about":[{"href":"https:\/\/www.airun.cat\/es\/wp-json\/wp\/v2\/types\/portfolio"}],"author":[{"embeddable":true,"href":"https:\/\/www.airun.cat\/es\/wp-json\/wp\/v2\/users\/1"}],"replies":[{"embeddable":true,"href":"https:\/\/www.airun.cat\/es\/wp-json\/wp\/v2\/comments?post=60011"}],"version-history":[{"count":2,"href":"https:\/\/www.airun.cat\/es\/wp-json\/wp\/v2\/portfolio\/60011\/revisions"}],"predecessor-version":[{"id":60128,"href":"https:\/\/www.airun.cat\/es\/wp-json\/wp\/v2\/portfolio\/60011\/revisions\/60128"}],"wp:featuredmedia":[{"embeddable":true,"href":"https:\/\/www.airun.cat\/es\/wp-json\/wp\/v2\/media\/59686"}],"wp:attachment":[{"href":"https:\/\/www.airun.cat\/es\/wp-json\/wp\/v2\/media?parent=60011"}],"wp:term":[{"taxonomy":"portfolio_category","embeddable":true,"href":"https:\/\/www.airun.cat\/es\/wp-json\/wp\/v2\/portfolio_category?post=60011"}],"curies":[{"name":"wp","href":"https:\/\/api.w.org\/{rel}","templated":true}]}}