{"id":60001,"date":"2017-09-18T13:29:35","date_gmt":"2017-09-18T12:29:35","guid":{"rendered":"http:\/\/www.airun.cat\/projecte\/festa-dels-supers\/"},"modified":"2017-11-20T11:10:31","modified_gmt":"2017-11-20T10:10:31","slug":"festa-dels-supers","status":"publish","type":"portfolio","link":"https:\/\/www.airun.cat\/es\/proyecto\/festa-dels-supers\/","title":{"rendered":"Festa dels S\u00fapers"},"content":{"rendered":"<section class=\"wpb-content-wrapper\"><p>[vc_row][vc_column width=\u00bb2\/3&#8243;][vc_gallery el_id=\u00bbgallery-501559&#8243; medias=\u00bb57419,57414,57418,57417,57416,57415&#8243; gutter_size=\u00bb3&#8243; screen_lg=\u00bb1000&#8243; screen_md=\u00bb600&#8243; screen_sm=\u00bb480&#8243; single_overlay_opacity=\u00bb50&#8243; single_padding=\u00bb2&#8243;][\/vc_column][vc_column width=\u00bb1\/3&#8243;][vc_column_text el_class=\u00bbprojectes-p\u00bb]<strong>Nombre acto<\/strong><br \/>\nFesta dels S\u00fapers<\/p>\n<p><strong>Fecha realizaci\u00f3n<br \/>\n<\/strong>22 y 23 de octubre de 2017<\/p>\n<p><strong>Nombre Cliente<br \/>\n<\/strong>Generalitat de Catalunya (Ensenyament, Benestar, Ag\u00e8ncia Catalana de l\u2019Aigua) i el Gran Teatre del Liceu<\/p>\n<p><strong>Ubicaci\u00f3n del acto<br \/>\n<\/strong>Estadi Ol\u00edmpic de Barcelona<\/p>\n<p style=\"text-align: justify;\"><strong>Descripci\u00f3n<\/strong><br \/>\nDurante varias ediciones Airun ha realizado la producci\u00f3n de diferentes estands para infancia y familias para a distintos clientes, aportando tambi\u00e9n elementos de dinamizaci\u00f3n y propuestas de actividades.<\/p>\n<p><strong>Url\u2019s<\/strong><br \/>\n<a href=\"http:\/\/www.ccma.cat\/tv3\/super3\/festa-dels-supers\/\" target=\"_blank\" rel=\"noopener\">Festa dels S\u00fapers<\/a><\/p>\n<p><strong>Categor\u00edas<\/strong><br \/>\n<ul class=\"subcat\"><li><a href=\"https:\/\/www.airun.cat\/es\/subcategoria-projecte\/actos-de-participacion\/\" rel=\"tag\">Actos de participaci\u00f3n<\/a><\/li><li><a href=\"https:\/\/www.airun.cat\/es\/subcategoria-projecte\/programacion-cultural-espectaculos-y-actividades\/\" rel=\"tag\">Programaci\u00f3n cultural espect\u00e1culos y actividades<\/a><\/li><li><a href=\"https:\/\/www.airun.cat\/es\/subcategoria-projecte\/dinamizacion-y-monitores\/\" rel=\"tag\">Dinamizaci\u00f3n y monitores<\/a><\/li><li><a href=\"https:\/\/www.airun.cat\/es\/subcategoria-projecte\/soporte-tecnico-actos\/\" rel=\"tag\">Soporte t\u00e9cnico actos<\/a><\/li><\/ul>[\/vc_column_text][vc_raw_html]JTNDYnV0dG9uJTIwY2xhc3MlM0QlMjJ0b3JuYXItYnRuJTIyJTIwb25jbGljayUzRCUyMmdvQmFjayUyOCUyOSUyMiUzRSUzQyUyMFZvbHZlciUyMGElMjBQcm95ZWN0b3MlM0MlMkZidXR0b24lM0U=[\/vc_raw_html][\/vc_column][\/vc_row]<\/p>\n<\/section>","protected":false},"excerpt":{"rendered":"<p>[vc_row][vc_column width=\u00bb2\/3&#8243;][vc_gallery el_id=\u00bbgallery-501559&#8243; medias=\u00bb57419,57414,57418,57417,57416,57415&#8243; gutter_size=\u00bb3&#8243; screen_lg=\u00bb1000&#8243; screen_md=\u00bb600&#8243; screen_sm=\u00bb480&#8243; single_overlay_opacity=\u00bb50&#8243; single_padding=\u00bb2&#8243;][\/vc_column][vc_column width=\u00bb1\/3&#8243;][vc_column_text el_class=\u00bbprojectes-p\u00bb]Nombre acto Festa dels S\u00fapers Fecha realizaci\u00f3n 22 y [&hellip;]<\/p>\n","protected":false},"author":1,"featured_media":59606,"parent":0,"menu_order":76,"comment_status":"open","ping_status":"open","template":"","meta":[],"portfolio_category":[106,110],"_links":{"self":[{"href":"https:\/\/www.airun.cat\/es\/wp-json\/wp\/v2\/portfolio\/60001"}],"collection":[{"href":"https:\/\/www.airun.cat\/es\/wp-json\/wp\/v2\/portfolio"}],"about":[{"href":"https:\/\/www.airun.cat\/es\/wp-json\/wp\/v2\/types\/portfolio"}],"author":[{"embeddable":true,"href":"https:\/\/www.airun.cat\/es\/wp-json\/wp\/v2\/users\/1"}],"replies":[{"embeddable":true,"href":"https:\/\/www.airun.cat\/es\/wp-json\/wp\/v2\/comments?post=60001"}],"version-history":[{"count":2,"href":"https:\/\/www.airun.cat\/es\/wp-json\/wp\/v2\/portfolio\/60001\/revisions"}],"predecessor-version":[{"id":60148,"href":"https:\/\/www.airun.cat\/es\/wp-json\/wp\/v2\/portfolio\/60001\/revisions\/60148"}],"wp:featuredmedia":[{"embeddable":true,"href":"https:\/\/www.airun.cat\/es\/wp-json\/wp\/v2\/media\/59606"}],"wp:attachment":[{"href":"https:\/\/www.airun.cat\/es\/wp-json\/wp\/v2\/media?parent=60001"}],"wp:term":[{"taxonomy":"portfolio_category","embeddable":true,"href":"https:\/\/www.airun.cat\/es\/wp-json\/wp\/v2\/portfolio_category?post=60001"}],"curies":[{"name":"wp","href":"https:\/\/api.w.org\/{rel}","templated":true}]}}